{"id":619,"date":"2020-10-23T14:14:16","date_gmt":"2020-10-23T12:14:16","guid":{"rendered":"https:\/\/corporate.firstcamp.se\/articles-of-association\/koncernledning\/"},"modified":"2026-04-30T08:11:09","modified_gmt":"2026-04-30T06:11:09","slug":"group-management","status":"publish","type":"page","link":"https:\/\/corporate.firstcamp.se\/en\/articles-of-association\/group-management\/","title":{"rendered":"Group management"},"content":{"rendered":"\n<h1 class=\"wp-block-heading\"><strong>Group management<\/strong><\/h1>\n\n\n\n<p>Group management can be reached at First Camps office address: Erik Dahlbergsall\u00e9n 15, SE-115 20 Stockholm, Sweden. There is more information on the management team members below.<\/p>\n\n\n\n<div class=\"wp-block-columns is-layout-flex wp-container-3\">\n<div class=\"wp-block-column is-layout-flow\">\n<p><img decoding=\"async\" loading=\"lazy\" width=\"1629\" height=\"2281\" class=\"wp-image-208\" style=\"width: 150px; height:auto\" src=\"https:\/\/firstcamp.fra1.digitaloceanspaces.com\/corporate-public\/2020\/10\/johansoor_ceo-3.jpg\" alt=\"\" srcset=\"https:\/\/firstcamp.fra1.digitaloceanspaces.com\/corporate-public\/2020\/10\/johansoor_ceo-3.jpg 1629w, https:\/\/firstcamp.fra1.digitaloceanspaces.com\/corporate-public\/2020\/10\/johansoor_ceo-3-214x300.jpg 214w, https:\/\/firstcamp.fra1.digitaloceanspaces.com\/corporate-public\/2020\/10\/johansoor_ceo-3-731x1024.jpg 731w, https:\/\/firstcamp.fra1.digitaloceanspaces.com\/corporate-public\/2020\/10\/johansoor_ceo-3-1097x1536.jpg 1097w, https:\/\/firstcamp.fra1.digitaloceanspaces.com\/corporate-public\/2020\/10\/johansoor_ceo-3-1463x2048.jpg 1463w, https:\/\/firstcamp.fra1.digitaloceanspaces.com\/corporate-public\/2020\/10\/johansoor_ceo-3-1568x2196.jpg 1568w, https:\/\/firstcamp.fra1.digitaloceanspaces.com\/corporate-public\/2020\/10\/johansoor_ceo-3-1440x2016.jpg 1440w\" sizes=\"(max-width: 1629px) 100vw, 1629px\" \/><\/p>\n<\/div>\n\n\n\n<div class=\"wp-block-column is-layout-flow\">\n<p><strong><em>Johan S\u00f6\u00f6r<\/em><br><\/strong>CEO<br><br>Member of Group Management since 2018.<\/p>\n\n\n\n<p><strong>Education<\/strong><br>MSc in Business and Economics at Stockholm School of Economics and Sciences Po Paris, France.<br><br><strong>Previous experience<\/strong><br>VD, MTRX; Aff\u00e4rsutvecklingschef, MTR samt Junior partner, McKinsey &amp; Company.<strong><br><\/strong><br><strong>Other commitments<\/strong><br>Board member of Flat Capital AB<\/p>\n<\/div>\n<\/div>\n\n\n\n<div class=\"wp-block-columns is-layout-flex wp-container-6\">\n<div class=\"wp-block-column is-layout-flow\">\n<p><img decoding=\"async\" loading=\"lazy\" width=\"1629\" height=\"2281\" class=\"wp-image-224\" style=\"width: 150px; height:auto \" src=\"https:\/\/firstcamp.fra1.digitaloceanspaces.com\/corporate-public\/2020\/10\/goranmeijer_cfo-2.jpg\" alt=\"\" srcset=\"https:\/\/firstcamp.fra1.digitaloceanspaces.com\/corporate-public\/2020\/10\/goranmeijer_cfo-2.jpg 1629w, https:\/\/firstcamp.fra1.digitaloceanspaces.com\/corporate-public\/2020\/10\/goranmeijer_cfo-2-214x300.jpg 214w, https:\/\/firstcamp.fra1.digitaloceanspaces.com\/corporate-public\/2020\/10\/goranmeijer_cfo-2-731x1024.jpg 731w, https:\/\/firstcamp.fra1.digitaloceanspaces.com\/corporate-public\/2020\/10\/goranmeijer_cfo-2-1097x1536.jpg 1097w, https:\/\/firstcamp.fra1.digitaloceanspaces.com\/corporate-public\/2020\/10\/goranmeijer_cfo-2-1463x2048.jpg 1463w, https:\/\/firstcamp.fra1.digitaloceanspaces.com\/corporate-public\/2020\/10\/goranmeijer_cfo-2-1568x2196.jpg 1568w, https:\/\/firstcamp.fra1.digitaloceanspaces.com\/corporate-public\/2020\/10\/goranmeijer_cfo-2-1440x2016.jpg 1440w\" sizes=\"(max-width: 1629px) 100vw, 1629px\" \/><\/p>\n<\/div>\n\n\n\n<div class=\"wp-block-column is-layout-flow\">\n<p><strong><em>G\u00f6ran Meijer<\/em><br><\/strong>CFO<br><br>Member of Group Management since 2019.<br><br><strong><strong>Education<\/strong><\/strong><br>MSc in Industrial Engineering and Management at Royal Institute of Technology Stockholm, Sweden, and Wirtschaftsuniversit\u00e4t Wien, Austria, as well as Bachelor-studies in Business Administration at University of Stockholm, Sweden.<br><br><strong>Previous experience<\/strong><br>CFO, Estate FM Group; CFO, Lekmer; CFO, Besikta Bilprovning; Investment Manager, Nordstjernan; Managementkonsult, Northstream samt Managementkonsult, Booz Allen Hamilton.<br><br><strong><strong>Other commitments<\/strong><\/strong><br>&#8211;<\/p>\n<\/div>\n<\/div>\n\n\n\n<div class=\"wp-block-columns is-layout-flex wp-container-9\">\n<div class=\"wp-block-column is-layout-flow\">\n<p><\/p>\n<\/div>\n\n\n\n<div class=\"wp-block-column is-layout-flow\">\n<p><strong><em>Benita Jonsson<\/em><br><\/strong>COO<br><br>Member of Group Management since 2023.<br><br><strong><strong>Education<\/strong><\/strong><br>Master\u2019s degree in chemical engineering, Lund University of Technology and Master\u2019s studies at Lund University in human ecology\u2019.<\/p>\n\n\n\n<p><strong>Previous experience<\/strong><br>Store Managing Director at MediaMarkt Sweden and several years of experience in sales, operations and retail as a store manager within SIBA. <br><br><strong><strong>Other commitments<\/strong><br><\/strong>&#8211;<\/p>\n<\/div>\n<\/div>\n\n\n\n<div class=\"wp-block-columns is-layout-flex wp-container-12\">\n<div class=\"wp-block-column is-layout-flow\">\n<p><img decoding=\"async\" loading=\"lazy\" width=\"1629\" height=\"2281\" class=\"wp-image-194\" style=\"width: 150px; height:auto\" src=\"https:\/\/firstcamp.fra1.digitaloceanspaces.com\/corporate-public\/2020\/10\/ingela_lundkvist_cco-3.jpg\" alt=\"\" srcset=\"https:\/\/firstcamp.fra1.digitaloceanspaces.com\/corporate-public\/2020\/10\/ingela_lundkvist_cco-3.jpg 1629w, https:\/\/firstcamp.fra1.digitaloceanspaces.com\/corporate-public\/2020\/10\/ingela_lundkvist_cco-3-214x300.jpg 214w, https:\/\/firstcamp.fra1.digitaloceanspaces.com\/corporate-public\/2020\/10\/ingela_lundkvist_cco-3-731x1024.jpg 731w, https:\/\/firstcamp.fra1.digitaloceanspaces.com\/corporate-public\/2020\/10\/ingela_lundkvist_cco-3-1097x1536.jpg 1097w, https:\/\/firstcamp.fra1.digitaloceanspaces.com\/corporate-public\/2020\/10\/ingela_lundkvist_cco-3-1463x2048.jpg 1463w, https:\/\/firstcamp.fra1.digitaloceanspaces.com\/corporate-public\/2020\/10\/ingela_lundkvist_cco-3-1568x2196.jpg 1568w, https:\/\/firstcamp.fra1.digitaloceanspaces.com\/corporate-public\/2020\/10\/ingela_lundkvist_cco-3-1440x2016.jpg 1440w\" sizes=\"(max-width: 1629px) 100vw, 1629px\" \/><\/p>\n<\/div>\n\n\n\n<div class=\"wp-block-column is-layout-flow\">\n<p><strong><em>Ingela Lundkvist<\/em><\/strong><br>CCO<br><br>Member of Group Management since 2018.<\/p>\n\n\n\n<p><strong><strong>Education<\/strong><\/strong><br>MSc in Economics &amp; International Business from Stockholm School of Economics, Sweden.<br><br><strong>Previous experience<\/strong><br>Director of Digital Development &amp; Innovation, Scandic Hotels; Head of Visual Merchandising, Online Sales, Northern Europe, H&amp;M; Head of Online, Business Controller &amp; Management Trainee, TUI Travel samt Managementkonsult, Oliver Wyman.<\/p>\n\n\n\n<p><strong><strong>Other commitments<\/strong><br><\/strong>&#8211;<\/p>\n<\/div>\n<\/div>\n\n\n\n<div class=\"wp-block-columns is-layout-flex wp-container-15\">\n<div class=\"wp-block-column is-layout-flow\">\n<figure class=\"wp-block-image size-large is-resized\"><img decoding=\"async\" loading=\"lazy\" src=\"https:\/\/firstcamp.fra1.digitaloceanspaces.com\/corporate-public\/2023\/09\/mia-melin-1-683x1024.jpg\" alt=\"\" class=\"wp-image-1553\" width=\"150\" height=\"216\"\/><\/figure>\n<\/div>\n\n\n\n<div class=\"wp-block-column is-layout-flow\">\n<p><strong><em>Mia Melin<br><\/em><\/strong>CHRO<br><br>Member of Group Management since 2023.<\/p>\n\n\n\n<p><strong><strong><strong>Education<\/strong><\/strong><\/strong><br>Master&#8217;s degree in Media &#8211; and <br>communication science, G\u00f6teborgs Universitet<br><br><strong><strong>Previous experience<\/strong><br><\/strong>HR, communication Manager, Polf\u00e4rskt br\u00f6d AB; Global HR Manager, Monki; Education Manager, IHM Business School.<br><br><strong><strong><strong>Other commitments<\/strong><br><\/strong><\/strong>&#8211;<\/p>\n<\/div>\n<\/div>\n\n\n\n<div class=\"wp-block-columns is-layout-flex wp-container-18\">\n<div class=\"wp-block-column is-layout-flow\">\n<p><img decoding=\"async\" loading=\"lazy\" width=\"1629\" height=\"2281\" class=\"wp-image-157\" style=\"width: 150px;height:auto\" src=\"https:\/\/firstcamp.fra1.digitaloceanspaces.com\/corporate-public\/2020\/10\/ola_baath_CIO.jpg\" alt=\"\" srcset=\"https:\/\/firstcamp.fra1.digitaloceanspaces.com\/corporate-public\/2020\/10\/ola_baath_CIO.jpg 1629w, https:\/\/firstcamp.fra1.digitaloceanspaces.com\/corporate-public\/2020\/10\/ola_baath_CIO-214x300.jpg 214w, https:\/\/firstcamp.fra1.digitaloceanspaces.com\/corporate-public\/2020\/10\/ola_baath_CIO-731x1024.jpg 731w, https:\/\/firstcamp.fra1.digitaloceanspaces.com\/corporate-public\/2020\/10\/ola_baath_CIO-1097x1536.jpg 1097w, https:\/\/firstcamp.fra1.digitaloceanspaces.com\/corporate-public\/2020\/10\/ola_baath_CIO-1463x2048.jpg 1463w, https:\/\/firstcamp.fra1.digitaloceanspaces.com\/corporate-public\/2020\/10\/ola_baath_CIO-1568x2196.jpg 1568w, https:\/\/firstcamp.fra1.digitaloceanspaces.com\/corporate-public\/2020\/10\/ola_baath_CIO-1440x2016.jpg 1440w\" sizes=\"(max-width: 1629px) 100vw, 1629px\" \/><\/p>\n<\/div>\n\n\n\n<div class=\"wp-block-column is-layout-flow\">\n<p><strong><em>Ola B\u00e5\u00e5th<\/em><br><\/strong>CIO<br><br>Member of Group Management since 2018.<\/p>\n\n\n\n<p><strong><strong>Education<\/strong><br><\/strong>MSc in Applied Economics &amp; Finance from Copenhagen Business School, Denmark.<br><br><strong>Previous experience<\/strong><br>Manager M&amp;A, Electrolux Group samt Investment Professional, Investor AB.<br><br><strong><strong>Other commitments<\/strong><br><\/strong>&#8211;<\/p>\n<\/div>\n<\/div>\n\n\n\n<div class=\"wp-block-columns is-layout-flex wp-container-21\">\n<div class=\"wp-block-column is-layout-flow\">\n<figure class=\"wp-block-image size-full is-resized\"><img decoding=\"async\" loading=\"lazy\" src=\"https:\/\/firstcamp.fra1.digitaloceanspaces.com\/corporate-public\/2023\/12\/adam-fall.jpg\" alt=\"\" class=\"wp-image-1617\" width=\"143\" height=\"217\" srcset=\"https:\/\/firstcamp.fra1.digitaloceanspaces.com\/corporate-public\/2023\/12\/adam-fall.jpg 607w, https:\/\/firstcamp.fra1.digitaloceanspaces.com\/corporate-public\/2023\/12\/adam-fall-198x300.jpg 198w\" sizes=\"(max-width: 143px) 100vw, 143px\" \/><\/figure>\n<\/div>\n\n\n\n<div class=\"wp-block-column is-layout-flow\">\n<p><strong><em>Adam Fall<\/em><\/strong><br>CTO<br><br>Member of Group Management since 2023.<\/p>\n\n\n\n<p><strong><strong><strong>Education<\/strong><\/strong><br><\/strong>M.Sc. in Technical Physics and Electrical Engineering, Link\u00f6pings University of Technology and Universit\u00e9 Joseph Fourier, Grenoble; Business Accelerator, Stockholm Innovation and Growth.Business Accelerator, Stockholm Innovation and Growth<br><br><strong><strong>Previous experience<\/strong><br><\/strong>CIO, Transdev; IT-strategist, Praktikertj\u00e4nst; CIO, Aleris; Management Consultant Acando, Looop.<br><br><br><strong><strong><strong>Other commitments<\/strong><br><\/strong><\/strong>&#8211;<\/p>\n<\/div>\n<\/div>\n","protected":false},"excerpt":{"rendered":"<p>Group management Group management can be reached at First Camps office address: Erik Dahlbergsall\u00e9n 15, SE-115 20 Stockholm, Sweden. There is more information on the management team members below. Johan S\u00f6\u00f6rCEO Member of Group Management since 2018. EducationMSc in Business and Economics at Stockholm School of Economics and Sciences Po Paris, France. Previous experienceVD, MTRX; [&hellip;]<\/p>\n","protected":false},"author":2,"featured_media":145,"parent":616,"menu_order":0,"comment_status":"closed","ping_status":"closed","template":"","meta":[],"yoast_head":"<!-- This site is optimized with the Yoast SEO plugin v15.1.1 - https:\/\/yoast.com\/wordpress\/plugins\/seo\/ -->\n<title>Group Management<\/title>\n<meta name=\"robots\" content=\"index, follow, max-snippet:-1, max-image-preview:large, max-video-preview:-1\" \/>\n<link rel=\"canonical\" href=\"https:\/\/corporate.firstcamp.se\/en\/articles-of-association\/group-management\/\" \/>\n<meta property=\"og:locale\" content=\"en_US\" \/>\n<meta property=\"og:type\" content=\"article\" \/>\n<meta property=\"og:title\" content=\"Group Management\" \/>\n<meta property=\"og:description\" content=\"Group management Group management can be reached at First Camps office address: Erik Dahlbergsall\u00e9n 15, SE-115 20 Stockholm, Sweden. There is more information on the management team members below. Johan S\u00f6\u00f6rCEO Member of Group Management since 2018. EducationMSc in Business and Economics at Stockholm School of Economics and Sciences Po Paris, France. Previous experienceVD, MTRX; [&hellip;]\" \/>\n<meta property=\"og:url\" content=\"https:\/\/corporate.firstcamp.se\/en\/articles-of-association\/group-management\/\" \/>\n<meta property=\"og:site_name\" content=\"First Camp Corporate\" \/>\n<meta property=\"article:modified_time\" content=\"2026-04-30T06:11:09+00:00\" \/>\n<meta property=\"og:image\" content=\"https:\/\/firstcamp.fra1.digitaloceanspaces.com\/corporate-public\/2020\/10\/Camping-Solvik.jpg\" \/>\n\t<meta property=\"og:image:width\" content=\"2000\" \/>\n\t<meta property=\"og:image:height\" content=\"1333\" \/>\n<meta name=\"twitter:card\" content=\"summary_large_image\" \/>\n<script type=\"application\/ld+json\" class=\"yoast-schema-graph\">{\"@context\":\"https:\/\/schema.org\",\"@graph\":[{\"@type\":\"WebSite\",\"@id\":\"https:\/\/corporate.firstcamp.se\/en\/#website\",\"url\":\"https:\/\/corporate.firstcamp.se\/en\/\",\"name\":\"First Camp Corporate\",\"description\":\"Investors\",\"potentialAction\":[{\"@type\":\"SearchAction\",\"target\":\"https:\/\/corporate.firstcamp.se\/en\/?s={search_term_string}\",\"query-input\":\"required name=search_term_string\"}],\"inLanguage\":\"en-US\"},{\"@type\":\"ImageObject\",\"@id\":\"https:\/\/corporate.firstcamp.se\/en\/articles-of-association\/group-management\/#primaryimage\",\"inLanguage\":\"en-US\",\"url\":\"https:\/\/firstcamp.fra1.digitaloceanspaces.com\/corporate-public\/2020\/10\/Camping-Solvik.jpg\",\"width\":2000,\"height\":1333,\"caption\":\"Stugor och husbilar p\\u00e5 v\\u00e4stkusten vid Solvik\"},{\"@type\":\"WebPage\",\"@id\":\"https:\/\/corporate.firstcamp.se\/en\/articles-of-association\/group-management\/#webpage\",\"url\":\"https:\/\/corporate.firstcamp.se\/en\/articles-of-association\/group-management\/\",\"name\":\"Group Management\",\"isPartOf\":{\"@id\":\"https:\/\/corporate.firstcamp.se\/en\/#website\"},\"primaryImageOfPage\":{\"@id\":\"https:\/\/corporate.firstcamp.se\/en\/articles-of-association\/group-management\/#primaryimage\"},\"datePublished\":\"2020-10-23T12:14:16+00:00\",\"dateModified\":\"2026-04-30T06:11:09+00:00\",\"inLanguage\":\"en-US\",\"potentialAction\":[{\"@type\":\"ReadAction\",\"target\":[\"https:\/\/corporate.firstcamp.se\/en\/articles-of-association\/group-management\/\"]}]}]}<\/script>\n<!-- \/ Yoast SEO plugin. -->","_links":{"self":[{"href":"https:\/\/corporate.firstcamp.se\/en\/wp-json\/wp\/v2\/pages\/619"}],"collection":[{"href":"https:\/\/corporate.firstcamp.se\/en\/wp-json\/wp\/v2\/pages"}],"about":[{"href":"https:\/\/corporate.firstcamp.se\/en\/wp-json\/wp\/v2\/types\/page"}],"author":[{"embeddable":true,"href":"https:\/\/corporate.firstcamp.se\/en\/wp-json\/wp\/v2\/users\/2"}],"replies":[{"embeddable":true,"href":"https:\/\/corporate.firstcamp.se\/en\/wp-json\/wp\/v2\/comments?post=619"}],"version-history":[{"count":12,"href":"https:\/\/corporate.firstcamp.se\/en\/wp-json\/wp\/v2\/pages\/619\/revisions"}],"predecessor-version":[{"id":2105,"href":"https:\/\/corporate.firstcamp.se\/en\/wp-json\/wp\/v2\/pages\/619\/revisions\/2105"}],"up":[{"embeddable":true,"href":"https:\/\/corporate.firstcamp.se\/en\/wp-json\/wp\/v2\/pages\/616"}],"wp:featuredmedia":[{"embeddable":true,"href":"https:\/\/corporate.firstcamp.se\/en\/wp-json\/wp\/v2\/media\/145"}],"wp:attachment":[{"href":"https:\/\/corporate.firstcamp.se\/en\/wp-json\/wp\/v2\/media?parent=619"}],"curies":[{"name":"wp","href":"https:\/\/api.w.org\/{rel}","templated":true}]}}